{"id":3175,"date":"2026-02-09T11:31:03","date_gmt":"2026-02-09T10:31:03","guid":{"rendered":"https:\/\/naturcesped.com\/?page_id=3175"},"modified":"2026-03-13T11:28:00","modified_gmt":"2026-03-13T10:28:00","slug":"empresa-cesped-artificial-en-sabadell","status":"publish","type":"page","link":"https:\/\/naturcesped.com\/es\/empresa-cesped-artificial-en-sabadell\/","title":{"rendered":"Empresa c\u00e9sped artificial en Sabadell"},"content":{"rendered":"<div class=\"wpb-content-wrapper\"><p>[vc_row gap=\u00bb35&#8243;][vc_column width=\u00bb3\/5&#8243;][vc_single_image css=\u00bb\u00bb image=\u00bb3176&#8243;][vc_column_text css=\u00bb\u00bb]<\/p>\n<h1 data-section-id=\"mf63ky\" data-start=\"209\" data-end=\"299\"><strong data-start=\"211\" data-end=\"299\">Empresa de c\u00e9sped artificial en Sabadell: Soluciones profesionales para espacios verdes<\/strong><\/h1>\n<p style=\"text-align: justify;\" data-start=\"301\" data-end=\"1038\">En nuestra <strong data-start=\"312\" data-end=\"353\">empresa de c\u00e9sped artificial en Sabadell<\/strong>, nos dedicamos a ofrecer soluciones de alta calidad para transformar cualquier espacio exterior en un entorno verde, moderno y sostenible. Con a\u00f1os de experiencia en el sector, entendemos la importancia de combinar est\u00e9tica, durabilidad y funcionalidad. Nuestros productos est\u00e1n dise\u00f1ados para soportar las condiciones clim\u00e1ticas locales, garantizando un c\u00e9sped que luce perfecto durante todo el a\u00f1o sin requerir un mantenimiento excesivo. Ya sea para jardines residenciales, \u00e1reas comerciales o instalaciones deportivas, nuestra <strong data-start=\"884\" data-end=\"925\">empresa de c\u00e9sped artificial en Sabadell<\/strong> se compromete a brindar un servicio integral, desde el asesoramiento inicial hasta la instalaci\u00f3n profesional.<\/p>\n<p style=\"text-align: justify;\" data-start=\"1040\" data-end=\"1483\">Cada proyecto que realizamos es personalizado seg\u00fan las necesidades de nuestros clientes. Nos enfocamos en materiales de primera calidad, con fibras resistentes y seguras, que simulan la textura y el color del c\u00e9sped natural. Gracias a nuestra atenci\u00f3n al detalle y a nuestro equipo de expertos, aseguramos que cada espacio mantenga su belleza y funcionalidad durante a\u00f1os, creando \u00e1reas verdes que fomentan el bienestar y la armon\u00eda visual.<\/p>\n<p>[\/vc_column_text][vc_row_inner][vc_column_inner width=\u00bb1\/3&#8243;][\/vc_column_inner][vc_column_inner width=\u00bb1\/3&#8243;]<a\thref=\"https:\/\/naturcesped.com\/es\/contacto\/\" \n\t\t\t\tclass=\"button btn_large btn_theme_color btn_rounded btn_normal_style    \"  target='_self'><span>CONTACTA CON NOSOTROS<\/span><\/a>[\/vc_column_inner][vc_column_inner width=\u00bb1\/3&#8243;][\/vc_column_inner][\/vc_row_inner][vc_column_text css=\u00bb\u00bb]<\/p>\n<h2 data-section-id=\"iqpu3w\" data-start=\"1490\" data-end=\"1550\"><strong data-start=\"1493\" data-end=\"1550\">Empresa de c\u00e9sped artificial en Sabadell<\/strong><\/h2>\n<p style=\"text-align: justify;\" data-start=\"1552\" data-end=\"1872\">En nuestra <strong data-start=\"1563\" data-end=\"1604\">empresa de c\u00e9sped artificial en Sabadell<\/strong>, ofrecemos un cat\u00e1logo completo de servicios que cubren todas las etapas de creaci\u00f3n de un espacio verde artificial. Nuestro enfoque corporativo se basa en la eficiencia, la innovaci\u00f3n y la satisfacci\u00f3n del cliente. Entre los servicios m\u00e1s destacados se encuentran:<\/p>\n<p data-start=\"1876\" data-end=\"2003\"><strong data-start=\"1876\" data-end=\"1925\">-Instalaci\u00f3n profesional de c\u00e9sped artificial:<\/strong> realizamos un trabajo preciso que garantiza un acabado perfecto y uniforme.<\/p>\n<p data-start=\"2006\" data-end=\"2113\"><strong data-start=\"2006\" data-end=\"2038\">-Asesoramiento personalizado:<\/strong> ayudamos a elegir el tipo de c\u00e9sped que mejor se adapte a cada proyecto.<\/p>\n<p data-start=\"2116\" data-end=\"2254\"><strong data-start=\"2116\" data-end=\"2145\">-Mantenimiento y limpieza:<\/strong> ofrecemos soluciones para prolongar la vida \u00fatil del c\u00e9sped artificial y mantener su apariencia impecable.<\/p>\n<p style=\"text-align: justify;\" data-start=\"2256\" data-end=\"2855\">Adem\u00e1s, nos especializamos en proyectos tanto para particulares como para empresas, adapt\u00e1ndonos a las necesidades de cada cliente. Con nuestra experiencia y compromiso, podemos transformar cualquier espacio en un entorno funcional, est\u00e9tico y ecol\u00f3gico. La confianza que nos otorgan nuestros clientes es un reflejo de nuestra dedicaci\u00f3n a la excelencia, posicion\u00e1ndonos como una de las referencias en el sector de c\u00e9sped artificial en la regi\u00f3n. Con la elecci\u00f3n de nuestra <strong data-start=\"2730\" data-end=\"2771\">empresa de c\u00e9sped artificial en Sabadell<\/strong>, cada proyecto recibe atenci\u00f3n profesional y resultados que superan expectativas.<\/p>\n<p>[\/vc_column_text][\/vc_column][vc_column width=\u00bb2\/5&#8243;][vc_column_text]<\/p>\n<h3 style=\"text-align: center;\">Contacta con nosotros para m\u00e1s informaci\u00f3n<\/h3>\n<hr \/>\n<p>[\/vc_column_text]\n<div class=\"wpcf7 no-js\" id=\"wpcf7-f202-o1\" lang=\"es-ES\" dir=\"ltr\" data-wpcf7-id=\"202\">\n<div class=\"screen-reader-response\"><p role=\"status\" aria-live=\"polite\" aria-atomic=\"true\"><\/p> <ul><\/ul><\/div>\n<form action=\"\/es\/wp-json\/wp\/v2\/pages\/3175#wpcf7-f202-o1\" method=\"post\" class=\"wpcf7-form init\" aria-label=\"Formulario de contacto\" novalidate=\"novalidate\" data-status=\"init\">\n<fieldset class=\"hidden-fields-container\"><input type=\"hidden\" name=\"_wpcf7\" value=\"202\" \/><input type=\"hidden\" name=\"_wpcf7_version\" value=\"6.1.3\" \/><input type=\"hidden\" name=\"_wpcf7_locale\" value=\"es_ES\" \/><input type=\"hidden\" name=\"_wpcf7_unit_tag\" value=\"wpcf7-f202-o1\" \/><input type=\"hidden\" name=\"_wpcf7_container_post\" value=\"0\" \/><input type=\"hidden\" name=\"_wpcf7_posted_data_hash\" value=\"\" \/><input type=\"hidden\" name=\"_wpcf7_recaptcha_response\" value=\"\" \/>\n<\/fieldset>\n<p><label> Nombre y apellidos *<br \/>\n<span class=\"wpcf7-form-control-wrap\" data-name=\"your-name\"><input size=\"40\" maxlength=\"400\" class=\"wpcf7-form-control wpcf7-text wpcf7-validates-as-required\" aria-required=\"true\" aria-invalid=\"false\" value=\"\" type=\"text\" name=\"your-name\" \/><\/span> <\/label>\n<\/p>\n<p><label> Tel\u00e9fono *<br \/>\n<span class=\"wpcf7-form-control-wrap\" data-name=\"your-phone\"><input size=\"40\" maxlength=\"400\" class=\"wpcf7-form-control wpcf7-text wpcf7-validates-as-required\" aria-required=\"true\" aria-invalid=\"false\" value=\"\" type=\"text\" name=\"your-phone\" \/><\/span> <\/label>\n<\/p>\n<p><label> Correo electr\u00f3nico *<br \/>\n<span class=\"wpcf7-form-control-wrap\" data-name=\"your-email\"><input size=\"40\" maxlength=\"400\" class=\"wpcf7-form-control wpcf7-email wpcf7-validates-as-required wpcf7-text wpcf7-validates-as-email\" aria-required=\"true\" aria-invalid=\"false\" value=\"\" type=\"email\" name=\"your-email\" \/><\/span> <\/label>\n<\/p>\n<p><label> Municipio *<br \/>\n<span class=\"wpcf7-form-control-wrap\" data-name=\"your-town\"><input size=\"40\" maxlength=\"400\" class=\"wpcf7-form-control wpcf7-text wpcf7-validates-as-required\" aria-required=\"true\" aria-invalid=\"false\" value=\"\" type=\"text\" name=\"your-town\" \/><\/span> <\/label>\n<\/p>\n<p><label> Cantidad de m\u00b2<br \/>\n<span class=\"wpcf7-form-control-wrap\" data-name=\"your-meters\"><input size=\"40\" maxlength=\"400\" class=\"wpcf7-form-control wpcf7-text\" aria-invalid=\"false\" value=\"\" type=\"text\" name=\"your-meters\" \/><\/span> <\/label>\n<\/p>\n<p><label> Terreno actual *<br \/>\n<span class=\"wpcf7-form-control-wrap\" data-name=\"radio-509\"><span class=\"wpcf7-form-control wpcf7-radio\"><span class=\"wpcf7-list-item first\"><label><input type=\"radio\" name=\"radio-509\" value=\"Tierra\" checked=\"checked\" \/><span class=\"wpcf7-list-item-label\">Tierra<\/span><\/label><\/span><span class=\"wpcf7-list-item\"><label><input type=\"radio\" name=\"radio-509\" value=\"C\u00e9sped natural\" \/><span class=\"wpcf7-list-item-label\">C\u00e9sped natural<\/span><\/label><\/span><span class=\"wpcf7-list-item\"><label><input type=\"radio\" name=\"radio-509\" value=\"Pavimento\" \/><span class=\"wpcf7-list-item-label\">Pavimento<\/span><\/label><\/span><span class=\"wpcf7-list-item last\"><label><input type=\"radio\" name=\"radio-509\" value=\"C\u00e9sped artificial\" \/><span class=\"wpcf7-list-item-label\">C\u00e9sped artificial<\/span><\/label><\/span><\/span><\/span> <\/label>\n<\/p>\n<p><label> Mensaje *<br \/>\n<span class=\"wpcf7-form-control-wrap\" data-name=\"your-message\"><textarea cols=\"40\" rows=\"3\" maxlength=\"2000\" class=\"wpcf7-form-control wpcf7-textarea wpcf7-validates-as-required\" aria-required=\"true\" aria-invalid=\"false\" name=\"your-message\"><\/textarea><\/span> <\/label>\n<\/p>\n<p style=\"font-weight: lighter; font-size:12px;\">Informaci\u00f3n b\u00e1sica sobre el tratamiento de datos (Reglamento (UE) 2016\/679 y LO 3\/2018)<br \/>\nResponsable del tratamiento: Naturcesped C\u00e9sped Artificial, SL.\n<\/p>\n<p style=\"font-weight: lighter; font-size:12px;\">Finalidad: Ofrecer, prestar y facturar nuestros servicios y productos.\n<\/p>\n<p style=\"font-weight: lighter; font-size:12px;\">Legitimaci\u00f3n: Consentimiento del interesado.\n<\/p>\n<p style=\"font-weight: lighter; font-size:12px;\">Destinatarios: Los datos no se ceder\u00e1n a terceros, a menos que lo exija una ley o sea necesario para cumplir con la finalidad del tratamiento.\n<\/p>\n<p style=\"font-weight: lighter; font-size:12px;\">Derechos: Acceder, rectificar y suprimir datos, as\u00ed como el resto que se explican en la pol\u00edtica de protecci\u00f3n de datos.\n<\/p>\n<p style=\"font-weight: lighter; font-size:12px;\">M\u00e1s informaci\u00f3n en nuestra pol\u00edtica de protecci\u00f3n de datos.\n<\/p>\n<p><input class=\"wpcf7-form-control wpcf7-submit has-spinner\" type=\"submit\" value=\"Enviar\" \/>\n<\/p><div class=\"wpcf7-response-output\" aria-hidden=\"true\"><\/div>\n<\/form>\n<\/div>\n[\/vc_column][\/vc_row]<\/p>\n<\/div>","protected":false},"excerpt":{"rendered":"<p>[vc_row gap=\u00bb35&#8243;][vc_column width=\u00bb3\/5&#8243;][vc_single_image css=\u00bb\u00bb image=\u00bb3176&#8243;][vc_column_text css=\u00bb\u00bb] Empresa de c\u00e9sped artificial en Sabadell: Soluciones profesionales para espacios verdes En nuestra empresa de c\u00e9sped artificial en Sabadell, nos dedicamos a ofrecer soluciones de alta calidad para transformar cualquier espacio exterior en un entorno verde, moderno y sostenible. Con a\u00f1os de experiencia en el sector, entendemos la importancia de combinar est\u00e9tica, durabilidad y<\/p>\n<div class=\"h10\"><\/div>\n<p><a class=\"more-link1\" href=\"https:\/\/naturcesped.com\/es\/empresa-cesped-artificial-en-sabadell\/\">Read more<\/a><\/p>\n","protected":false},"author":1,"featured_media":0,"parent":0,"menu_order":0,"comment_status":"closed","ping_status":"closed","template":"","meta":{"footnotes":""},"class_list":["post-3175","page","type-page","status-publish","hentry"],"yoast_head":"<!-- This site is optimized with the Yoast SEO plugin v26.3 - https:\/\/yoast.com\/wordpress\/plugins\/seo\/ -->\n<title>Empresa c\u00e9sped artificial en Sabadell - NaturC\u00e9sped<\/title>\n<meta name=\"description\" content=\"Disfruta de un jard\u00edn perfecto con nuestra instalaci\u00f3n de c\u00e9sped artificial en Calella de Palafrugell. Profesional, duradero y siempre verde\" \/>\n<meta name=\"robots\" content=\"index, follow, max-snippet:-1, max-image-preview:large, max-video-preview:-1\" \/>\n<link rel=\"canonical\" href=\"https:\/\/naturcesped.com\/es\/empresa-cesped-artificial-en-sabadell\/\" \/>\n<meta property=\"og:locale\" content=\"es_ES\" \/>\n<meta property=\"og:type\" content=\"article\" \/>\n<meta property=\"og:title\" content=\"Empresa c\u00e9sped artificial en Sabadell - NaturC\u00e9sped\" \/>\n<meta property=\"og:description\" content=\"Disfruta de un jard\u00edn perfecto con nuestra instalaci\u00f3n de c\u00e9sped artificial en Calella de Palafrugell. Profesional, duradero y siempre verde\" \/>\n<meta property=\"og:url\" content=\"https:\/\/naturcesped.com\/es\/empresa-cesped-artificial-en-sabadell\/\" \/>\n<meta property=\"og:site_name\" content=\"NaturC\u00e9sped\" \/>\n<meta property=\"article:modified_time\" content=\"2026-03-13T10:28:00+00:00\" \/>\n<meta name=\"twitter:card\" content=\"summary_large_image\" \/>\n<meta name=\"twitter:label1\" content=\"Tiempo de lectura\" \/>\n\t<meta name=\"twitter:data1\" content=\"3 minutos\" \/>\n<script type=\"application\/ld+json\" class=\"yoast-schema-graph\">{\"@context\":\"https:\/\/schema.org\",\"@graph\":[{\"@type\":\"WebPage\",\"@id\":\"https:\/\/naturcesped.com\/es\/empresa-cesped-artificial-en-sabadell\/\",\"url\":\"https:\/\/naturcesped.com\/es\/empresa-cesped-artificial-en-sabadell\/\",\"name\":\"Empresa c\u00e9sped artificial en Sabadell - NaturC\u00e9sped\",\"isPartOf\":{\"@id\":\"https:\/\/naturcesped.com\/es\/#website\"},\"datePublished\":\"2026-02-09T10:31:03+00:00\",\"dateModified\":\"2026-03-13T10:28:00+00:00\",\"description\":\"Disfruta de un jard\u00edn perfecto con nuestra instalaci\u00f3n de c\u00e9sped artificial en Calella de Palafrugell. Profesional, duradero y siempre verde\",\"breadcrumb\":{\"@id\":\"https:\/\/naturcesped.com\/es\/empresa-cesped-artificial-en-sabadell\/#breadcrumb\"},\"inLanguage\":\"es\",\"potentialAction\":[{\"@type\":\"ReadAction\",\"target\":[\"https:\/\/naturcesped.com\/es\/empresa-cesped-artificial-en-sabadell\/\"]}]},{\"@type\":\"BreadcrumbList\",\"@id\":\"https:\/\/naturcesped.com\/es\/empresa-cesped-artificial-en-sabadell\/#breadcrumb\",\"itemListElement\":[{\"@type\":\"ListItem\",\"position\":1,\"name\":\"Portada\",\"item\":\"https:\/\/naturcesped.com\/es\/\"},{\"@type\":\"ListItem\",\"position\":2,\"name\":\"Empresa c\u00e9sped artificial en Sabadell\"}]},{\"@type\":\"WebSite\",\"@id\":\"https:\/\/naturcesped.com\/es\/#website\",\"url\":\"https:\/\/naturcesped.com\/es\/\",\"name\":\"NaturC\u00e9sped\",\"description\":\"C\u00e9sped artificial en Girona\",\"potentialAction\":[{\"@type\":\"SearchAction\",\"target\":{\"@type\":\"EntryPoint\",\"urlTemplate\":\"https:\/\/naturcesped.com\/es\/?s={search_term_string}\"},\"query-input\":{\"@type\":\"PropertyValueSpecification\",\"valueRequired\":true,\"valueName\":\"search_term_string\"}}],\"inLanguage\":\"es\"}]}<\/script>\n<!-- \/ Yoast SEO plugin. -->","yoast_head_json":{"title":"Empresa c\u00e9sped artificial en Sabadell - NaturC\u00e9sped","description":"Disfruta de un jard\u00edn perfecto con nuestra instalaci\u00f3n de c\u00e9sped artificial en Calella de Palafrugell. Profesional, duradero y siempre verde","robots":{"index":"index","follow":"follow","max-snippet":"max-snippet:-1","max-image-preview":"max-image-preview:large","max-video-preview":"max-video-preview:-1"},"canonical":"https:\/\/naturcesped.com\/es\/empresa-cesped-artificial-en-sabadell\/","og_locale":"es_ES","og_type":"article","og_title":"Empresa c\u00e9sped artificial en Sabadell - NaturC\u00e9sped","og_description":"Disfruta de un jard\u00edn perfecto con nuestra instalaci\u00f3n de c\u00e9sped artificial en Calella de Palafrugell. Profesional, duradero y siempre verde","og_url":"https:\/\/naturcesped.com\/es\/empresa-cesped-artificial-en-sabadell\/","og_site_name":"NaturC\u00e9sped","article_modified_time":"2026-03-13T10:28:00+00:00","twitter_card":"summary_large_image","twitter_misc":{"Tiempo de lectura":"3 minutos"},"schema":{"@context":"https:\/\/schema.org","@graph":[{"@type":"WebPage","@id":"https:\/\/naturcesped.com\/es\/empresa-cesped-artificial-en-sabadell\/","url":"https:\/\/naturcesped.com\/es\/empresa-cesped-artificial-en-sabadell\/","name":"Empresa c\u00e9sped artificial en Sabadell - NaturC\u00e9sped","isPartOf":{"@id":"https:\/\/naturcesped.com\/es\/#website"},"datePublished":"2026-02-09T10:31:03+00:00","dateModified":"2026-03-13T10:28:00+00:00","description":"Disfruta de un jard\u00edn perfecto con nuestra instalaci\u00f3n de c\u00e9sped artificial en Calella de Palafrugell. Profesional, duradero y siempre verde","breadcrumb":{"@id":"https:\/\/naturcesped.com\/es\/empresa-cesped-artificial-en-sabadell\/#breadcrumb"},"inLanguage":"es","potentialAction":[{"@type":"ReadAction","target":["https:\/\/naturcesped.com\/es\/empresa-cesped-artificial-en-sabadell\/"]}]},{"@type":"BreadcrumbList","@id":"https:\/\/naturcesped.com\/es\/empresa-cesped-artificial-en-sabadell\/#breadcrumb","itemListElement":[{"@type":"ListItem","position":1,"name":"Portada","item":"https:\/\/naturcesped.com\/es\/"},{"@type":"ListItem","position":2,"name":"Empresa c\u00e9sped artificial en Sabadell"}]},{"@type":"WebSite","@id":"https:\/\/naturcesped.com\/es\/#website","url":"https:\/\/naturcesped.com\/es\/","name":"NaturC\u00e9sped","description":"C\u00e9sped artificial en Girona","potentialAction":[{"@type":"SearchAction","target":{"@type":"EntryPoint","urlTemplate":"https:\/\/naturcesped.com\/es\/?s={search_term_string}"},"query-input":{"@type":"PropertyValueSpecification","valueRequired":true,"valueName":"search_term_string"}}],"inLanguage":"es"}]}},"_links":{"self":[{"href":"https:\/\/naturcesped.com\/es\/wp-json\/wp\/v2\/pages\/3175","targetHints":{"allow":["GET"]}}],"collection":[{"href":"https:\/\/naturcesped.com\/es\/wp-json\/wp\/v2\/pages"}],"about":[{"href":"https:\/\/naturcesped.com\/es\/wp-json\/wp\/v2\/types\/page"}],"author":[{"embeddable":true,"href":"https:\/\/naturcesped.com\/es\/wp-json\/wp\/v2\/users\/1"}],"replies":[{"embeddable":true,"href":"https:\/\/naturcesped.com\/es\/wp-json\/wp\/v2\/comments?post=3175"}],"version-history":[{"count":4,"href":"https:\/\/naturcesped.com\/es\/wp-json\/wp\/v2\/pages\/3175\/revisions"}],"predecessor-version":[{"id":3212,"href":"https:\/\/naturcesped.com\/es\/wp-json\/wp\/v2\/pages\/3175\/revisions\/3212"}],"wp:attachment":[{"href":"https:\/\/naturcesped.com\/es\/wp-json\/wp\/v2\/media?parent=3175"}],"curies":[{"name":"wp","href":"https:\/\/api.w.org\/{rel}","templated":true}]}}